{"id":1059,"date":"2019-11-03T11:14:45","date_gmt":"2019-11-03T10:14:45","guid":{"rendered":"http:\/\/snudifo37.fr\/?page_id=1059"},"modified":"2020-02-13T10:52:15","modified_gmt":"2020-02-13T09:52:15","slug":"5-decembre-2019-greve-illimitee-pour-le-retrait-du-projet-de-reforme-des-retraites","status":"publish","type":"page","link":"https:\/\/snudifo37.fr\/index.php\/5-decembre-2019-greve-illimitee-pour-le-retrait-du-projet-de-reforme-des-retraites\/","title":{"rendered":"5 d\u00e9cembre 2019: gr\u00e8ve illimit\u00e9e pour le retrait du projet de r\u00e9forme des retraites !"},"content":{"rendered":"\n<p>Les Congr\u00e8s de la FNEC-FP FO et du SNUDI-FO qui se sont tenus avant les cong\u00e9s se sont inscrits dans l\u2019appel \u00e0 la gr\u00e8ve \u00e0 compter du 5 d\u00e9cembre pour le retrait du projet Macron-Delevoye sur les retraites.<\/p>\n\n\n\n<div class=\"wp-block-image\"><figure class=\"aligncenter is-resized\"><img loading=\"lazy\" decoding=\"async\" src=\"http:\/\/snudifo37.fr\/wp-content\/uploads\/2019\/11\/t\u00e9l\u00e9chargement.jpg\" alt=\"\" class=\"wp-image-1080\" width=\"245\" height=\"246\"\/><\/figure><\/div>\n\n\n\n<h2 class=\"has-text-align-center wp-block-heading\"><strong>A cette occasion, un appel a \u00e9t\u00e9 lanc\u00e9 :<\/strong><\/h2>\n\n\n\n<p><em>\u00ab&nbsp;Le Congr\u00e8s d\u00e9cide de jeter toutes ses forces dans la pr\u00e9paration de la gr\u00e8ve \u00e0 compter du 5 d\u00e9cembre prochain pour mettre en \u00e9chec le projet Macron-Delevoye.<\/em><br><em><strong>Le Congr\u00e8s appelle tous les personnels \u00e0 poursuivre dans les \u00e9coles, dans les \u00e9tablissements, et dans les services, les assembl\u00e9es g\u00e9n\u00e9rales pour d\u00e9cider et pr\u00e9parer la gr\u00e8ve, dans l\u2019unit\u00e9 partout o\u00f9 cela est possible.<\/strong><\/em><br><em>La bataille a commenc\u00e9. Dans les AG, les personnels discutent de l\u2019organisation de la gr\u00e8ve, certains d\u00e9cident de constituer des comit\u00e9s de pr\u00e9paration et dans ce cadre constituent des caisses de gr\u00e8ve.<\/em><br><em>Le Congr\u00e8s appelle \u00e0 amplifier cette mobilisation. Il appelle ses syndicats \u00e0 prendre contact avec les autres organisations syndicales pour r\u00e9aliser les conditions de l\u2019action commune pour gagner sur les revendications<\/em>:<\/p>\n\n\n\n<ul class=\"wp-block-list\"><li><em>Retrait du projet Macron-Delevoye de r\u00e9gime universel par points<\/em><\/li><li><em>Maintien des 42 r\u00e9gimes dont le Code des pensions civiles et militaires<\/em><\/li><li><em>Abandon de la loi de transformation de la Fonction publique et des contre-r\u00e9formes&nbsp;\u00bb<\/em><\/li><\/ul>\n\n\n\n<p class=\"has-text-color has-vivid-red-color\"><strong>Le Snudi-Fo 37 s&rsquo;inscrit totalement dans cette d\u00e9marche, et appelle lui aussi \u00e0 se r\u00e9unir en AG ou dans les \u00e9coles pour discuter et d\u00e9cider ensemble de participer \u00e0 cette gr\u00e8ve \u00e0 partir du 5 d\u00e9cembre 2019.<\/strong><\/p>\n\n\n\n<p class=\"has-text-align-center\"><a href=\"https:\/\/forms.gle\/hBcfXrBJoeHKygwC6\"> <\/a><strong><a href=\"https:\/\/forms.gle\/hBcfXrBJoeHKygwC6\">Remplissez notre enqu\u00eate de gr\u00e8ve d\u00e8s \u00e0 pr\u00e9sent !<\/a><\/strong><a href=\"https:\/\/forms.gle\/hBcfXrBJoeHKygwC6\"> <\/a><\/p>\n\n\n\n<h2 class=\"has-vivid-red-color has-text-color has-text-align-center wp-block-heading\">Premi\u00e8res \u00e9coles ferm\u00e9es :<\/h2>\n\n\n\n<p>De nombreuses \u00e9coles sont annonc\u00e9es ferm\u00e9es par les coll\u00e8gues eux-m\u00eames. Mais ce n&rsquo;est pas tout ! <strong>D\u00e9j\u00e0 est discut\u00e9e la reconduction pour le 6 d\u00e9cembre<\/strong>, et les informations qui nous parviennent confirment que de nombreux coll\u00e8gues seraient pr\u00eats \u00e0 faire durer le mouvement jusqu&rsquo;au retrait de ce projet de r\u00e9forme des retraites !<\/p>\n\n\n\n<ul class=\"wp-block-list\"><li>Abilly<\/li><li>Ambillou primaire Marcel Raimbault<\/li><li>Amboise Anne de Bretagne<\/li><li>Amboise Maternelle Ambroise Pare<\/li><li>Amboise Maternelle Jeanne D\u2019Arc<\/li><li>Azay sur Cher Charles Perrault<\/li><li>Ballan Mir\u00e9 Maternelle Jacques Pr\u00e9vert<\/li><li>Beaulieu l\u00e8s Loches \u00e9cole \u00e9l\u00e9mentaire et primaire <\/li><li>Beaumont en Veron La Souris Verte<\/li><li>Bl\u00e9r\u00e9 Maternelle Lecourt<\/li><li>Boss\u00e9e maternelle<\/li><li>Bourgueil maternelle Juteau<\/li><li>Br\u00e9h\u00e9mont<\/li><li>Bridor\u00e9<\/li><li>Bueil en Touraine<\/li><li>Cangey<\/li><li>C\u00e9r\u00e9 la Ronde \u00e9l\u00e9mentaire<\/li><li>Chambray les Tours Paul Louis Courrier<\/li><li>Chanceaux \u00e9cole du Tilleul<\/li><li>Charentilly<\/li><li>Ch\u00e2teau-Renault Andr\u00e9 Malraux<\/li><li>Ch\u00e2teau-Renault Mandela<\/li><li>Cheill\u00e9<\/li><li>Chisseaux Georges Besset<\/li><li>Cigogn\u00e9 Primaire<\/li><li>Cormery \u00e9cole maternelle<\/li><li>Cravant les Coteaux<\/li><li>Crotelles Magdelon<\/li><li>Cussay<\/li><li>Dame Marie Les Bois<\/li><li>Descartes \u00e9l\u00e9mentaire Cot\u00e9 des Granges<\/li><li>Dierre primaire Sylvie Joly<\/li><li>Ferri\u00e8re sur Beaulieu<\/li><li>Francueil<\/li><li>Genill\u00e9<\/li><li>Jou\u00e9-l\u00e8s-Tours maternelle Langevin<\/li><li>La Croix en Touraine maternelle Duteil<\/li><li>La Croix en Touraine Joseph Joffo<\/li><li>La Membrolle \u00e9l\u00e9mentaire<\/li><li>La Riche maternelle Pellin<\/li><li>La Riche Tamisier<\/li><li>La Tour St Gelin primaire<\/li><li>La Ville aux Dames \u00e9l\u00e9mentaire Marie Curie<\/li><li>Le Louroux L. Blanchard<\/li><li>Ligueil \u00e9cole \u00e9l\u00e9mentaire<\/li><li>Ligueil Ecole Maternelle<\/li><li>Limeray<\/li><li>Loches Maternelle Mariaude<\/li><li>Louans<\/li><li>Lussault<\/li><li>Maill\u00e9 \u00e9l\u00e9mentaire<\/li><li>Manthelan H. Garand<\/li><li>Marcilly sur Vienne Ecole \u00e9l\u00e9mentaire  <\/li><li>Mazi\u00e8res de Touraine<\/li><li>Mettray \u00e9cole Moulin Neuf<\/li><li>Montlouis \u00e9cole Jules Ferry<\/li><li>Montlouis Les Rallu\u00e8res<\/li><li>Monts maternelle Daumain<\/li><li>Nazelles Negron \u00e9l\u00e9mentaire Val de Cisse<\/li><li>Neuil Pierre Perret  <\/li><li>Neuill\u00e9 le Lierre \u00e9cole \u00e9l\u00e9mentaire  <\/li><li>Neuill\u00e9 Pont Pierre maternelle<\/li><li>Nouatre maternelle<\/li><li>Parcay Meslay les N\u00e9fliers<\/li><li>Perrusson \u00e9cole Andr\u00e9 Cravatte<\/li><li>Poc\u00e9 sur Cisse<\/li><li>Reignac \u00e9cole du Grand Platane<\/li><li>Rilly sur Vienne \u00e9cole \u00e9l\u00e9mentaire<\/li><li>Rivarennes Charles Perrault<\/li><li>Saint Avertin L\u00e9on Brulon<\/li><li>Saint-Hippolyte<\/li><li>Saint Martin le Beau maternelle Dolto<\/li><li>Saint Ouen les Vignes primaire<\/li><li>Savigny en Veron La Clochette<\/li><li>Semblan\u00e7ay \u00e9l\u00e9mentaire<\/li><li>Semblan\u00e7ay maternelle<\/li><li>Souvign\u00e9 Ecole du Kiosque<\/li><li>St Epain Raymond Queneau<\/li><li>St Cyr sur Loire Maternelle Perrault<\/li><li>St Pierre des Corps \u00e9l\u00e9mentaire S\u00e9mard  <\/li><li>St Pierre des Corps Joliot Curie<\/li><li>St Pierre des Corps maternelle R\u00e9publique<\/li><li>St Pierre des Corps maternelle S\u00e9mard<\/li><li>St Pierre des Corps Viala Stalingrad<\/li><li>St Pierre des Corps Wallon \u00e9l\u00e9mentaire<\/li><li>Saint Quentin Ginette Viou<\/li><li>Tauxigny Maurice Genevoix<\/li><li>Tours Anatole France<\/li><li>Tours Croix Pasquier<\/li><li>Tours Maryse Basti\u00e9<\/li><li>Tours Mistral<\/li><li>Tours Romain Rolland<\/li><li>Tours Paul Louis Courrier<\/li><li>Tours \u00e9cole maternelle Mermoz<\/li><li>Tours \u00e9lementaire Jules Vernes<\/li><li>Tours \u00e9l\u00e9mentaire Paul Bert<\/li><li>Tours \u00e9l\u00e9mentaire Paul Fort<\/li><li>Tours Maternelle Arthur Rimbaud<\/li><li>Tours Maternelle Giraudeau<\/li><li>Tours maternelle Gr\u00e9court<\/li><li>Tours maternelle Jules Vernes<\/li><li>Tours maternelle les Abeilles<\/li><li>Tours maternelle Paul Bert<\/li><li>Tours Maupassant Montjoyeux<\/li><li>Tours Musset Vigny<\/li><li>Tours Velpeau<\/li><li>Truyes Guy de Maupassant<\/li><li>Truyes Maternelle Sylvestre<\/li><li>Veign\u00e9 les Gu\u00e9s \u00e9l\u00e9mentaire<\/li><li>Veign\u00e9 les Gu\u00e9s maternelle<\/li><li>Veign\u00e9 maternelle Bourg<\/li><li>V\u00e9retz \u00e9l\u00e9mentaire Doisneau<\/li><li>V\u00e9retz maternelle La Petite Muse<\/li><li>Vernou sur Brenne \u00e9l\u00e9mentaire<\/li><li>Vernou sur Brenne maternelle Lecott\u00e9<\/li><li>Villandry<\/li><li>Villeloin Coulang\u00e9<\/li><li>Vouvray \u00e9l\u00e9mentaire<\/li><li>Vouvray maternelle<\/li><\/ul>\n\n\n\n<h2 class=\"has-vivid-red-color has-text-color has-text-align-center wp-block-heading\">Ecoles avec un fort taux de gr\u00e9viste annonc\u00e9:<\/h2>\n\n\n\n<ul class=\"wp-block-list\"><li>Amboise \u00e9l\u00e9mentaire Pare<\/li><li>Amboise \u00e9l\u00e9mentaire Rabelais Richelieu<\/li><li>Amboise maternelle George Sand<\/li><li>Amboise primaire Jules Ferry<\/li><li>Auzouer en Touraine La Quintaine<\/li><li>Ballan Mir\u00e9 Jean Moulin<\/li><li>Ballan Mir\u00e9 H\u00e9l\u00e8ne Boucher<\/li><li>Beaumont Louestault Georges Bi\u00e9ret<\/li><li>Bossay sur Claise Primaire<\/li><li>Bourgueil \u00e9cole Ruelle<\/li><li>Chambray-l\u00e8s-Tours Chappe<\/li><li>Chambray-l\u00e8s-Tours Jean Moulin<\/li><li>Chambray-l\u00e8s-Tours maternelle Maryse Basti\u00e9<\/li><li>Chanceaux Tilleul<\/li><li>Charg\u00e9<\/li><li>Charnizay primaire<\/li><li>Ch\u00e2teau Renault Combettes<\/li><li>Chinon Claude Monet<\/li><li>Chinon Miraubeau<\/li><li>Chouz\u00e9-sur-Loire les moulins<\/li><li>Cormery Pr\u00e9vert<\/li><li>Descartes Balesmes<\/li><li>Druye<\/li><li>Esvres<\/li><li>Genill\u00e9 \u00e9cole Maternelle<\/li><li>Genill\u00e9 primaire<\/li><li>Hommes Claudie Haigner\u00e9<\/li><li>Huismes primaire<\/li><li>Jou\u00e9-l\u00e8s-Tours Alouette \u00e9l\u00e9mentaire<\/li><li>Jou\u00e9-l\u00e8s-Tours Blotterie \u00e9l\u00e9mentaire<\/li><li>Jou\u00e9-l\u00e8s-Tours Roti\u00e8re \u00e9l\u00e9mentaire<\/li><li>Jou\u00e9-l\u00e8s-Tours \u00e9cole \u00e9l\u00e9mentaire du Morier<\/li><li>Jou\u00e9-l\u00e8s-Tours \u00e9cole maternelle du Morier<\/li><li>Jou\u00e9-l\u00e8s-Tours Libert\u00e9 R\u00e9publique<\/li><li>Jou\u00e9-l\u00e8s-Tours Maternelle Blotterie<\/li><li>Jou\u00e9-l\u00e8s-Tours Mignonne \u00e9l\u00e9mentaire  <\/li><li>Jou\u00e9-l\u00e8s-Tours Vall\u00e9e Violette<\/li><li>Langeais Nathalie Pinard<\/li><li>Larcay maternelle Pierre Perret<\/li><li>Le Grand Pressigny \u00e9cole du Socle<\/li><li>Ligr\u00e9 primaire les Jeunes Pousses<\/li><li>Loches Alfred de Vigny<\/li><li>Luynes Pasteur<\/li><li>Marigny Marmande<\/li><li>Monnaie \u00e9cole \u00e9l\u00e9mentaire de la Choisille<\/li><li>Monnaie \u00e9cole \u00e9l\u00e9mentaire de la Choisille<\/li><li>Montbazon \u00e9l\u00e9mentaire G. Louis<\/li><li>Montlouis sur Loire Maternelle Desnos<\/li><li>Monts Curie<\/li><li>Neuill\u00e9 Pont Pierre \u00e9l\u00e9mentaire Pr\u00e9vert<\/li><li>Notre Dame d&rsquo;Oe Henri D\u00e8s<\/li><li>Pco\u00e9 sur Cisse Primaire<\/li><li>Preuilly sur Claise Primaire<\/li><li>Richelieu Armand Jean du Plessis<\/li><li>Savonni\u00e8re Maternelle 4 couleurs<\/li><li>Sonzay primaire<\/li><li>Sorigny Pierre Petit<\/li><li>St Cyr sur Loire Anatole France<\/li><li>St-Cyr-Sur-Loire \u00e9cole Engerand<\/li><li>St Flovier \u00e9l\u00e9mentaire<\/li><li>St Genouph primaire<\/li><li>St Laurent en Gatines De Vinci<\/li><li>St Pierre des Corps Marceau Courrier<\/li><li>St Pierre des Corps Line Procher<\/li><li>St Roch<\/li><li>Tours Alain<\/li><li>Tours Camus Maurois<\/li><li>Tours Camus Maurois<\/li><li>Tours Clocheville<\/li><li>Tours \u00e9l\u00e9mentaire Francis Poulenc<\/li><li>Tours \u00e9l\u00e9mentaire Gide<\/li><li>Tours \u00e9l\u00e9mentaire Giraudou<\/li><li>Tours \u00e9l\u00e9mentaire Jean de la Fontaine<\/li><li>Tours \u00e9l\u00e9mentaire Mirabeau<\/li><li>Tours maternelle Jules Ferry<\/li><li>Tours maternelle Pagnol<\/li><li>Tours maternelle Paul Racault<\/li><li>Tours Maternelle Peguy<\/li><li>Tours Maternelle Suzanne Kleiber<\/li><li>Tours Maternelle Victor Hugo<\/li><li>Tours Perochon<\/li><li>Tours maternelle Racault<\/li><li>Tours Raspail<\/li><li>Villedomer Bouin<\/li><\/ul>\n\n\n\n<h2 class=\"has-vivid-red-color has-text-color has-text-align-center wp-block-heading\"><strong>Ecoles impact\u00e9es par la gr\u00e8ve<\/strong><\/h2>\n\n\n\n<ul class=\"wp-block-list\"><li>Barrou \u00e9cole maternelle<\/li><li>l&rsquo;Ile Bouchard maternelle Lamartine<\/li><li>St Cyr sur Loire \u00e9cole maternelle Balzac<\/li><li>Tours \u00e9l\u00e9mentaire St Exup\u00e9ry<\/li><li>Tours primaire Camus Maurois<\/li><li>Villedomer<\/li><\/ul>\n","protected":false},"excerpt":{"rendered":"<p>Les Congr\u00e8s de la FNEC-FP FO et du SNUDI-FO qui se sont tenus avant les cong\u00e9s se sont inscrits dans l\u2019appel \u00e0 la gr\u00e8ve \u00e0 compter du 5 d\u00e9cembre pour&#8230;<\/p>\n","protected":false},"author":1,"featured_media":0,"parent":0,"menu_order":15,"comment_status":"closed","ping_status":"closed","template":"","meta":{"footnotes":""},"class_list":["post-1059","page","type-page","status-publish","hentry"],"_links":{"self":[{"href":"https:\/\/snudifo37.fr\/index.php\/wp-json\/wp\/v2\/pages\/1059","targetHints":{"allow":["GET"]}}],"collection":[{"href":"https:\/\/snudifo37.fr\/index.php\/wp-json\/wp\/v2\/pages"}],"about":[{"href":"https:\/\/snudifo37.fr\/index.php\/wp-json\/wp\/v2\/types\/page"}],"author":[{"embeddable":true,"href":"https:\/\/snudifo37.fr\/index.php\/wp-json\/wp\/v2\/users\/1"}],"replies":[{"embeddable":true,"href":"https:\/\/snudifo37.fr\/index.php\/wp-json\/wp\/v2\/comments?post=1059"}],"version-history":[{"count":46,"href":"https:\/\/snudifo37.fr\/index.php\/wp-json\/wp\/v2\/pages\/1059\/revisions"}],"predecessor-version":[{"id":1756,"href":"https:\/\/snudifo37.fr\/index.php\/wp-json\/wp\/v2\/pages\/1059\/revisions\/1756"}],"wp:attachment":[{"href":"https:\/\/snudifo37.fr\/index.php\/wp-json\/wp\/v2\/media?parent=1059"}],"curies":[{"name":"wp","href":"https:\/\/api.w.org\/{rel}","templated":true}]}}